{"id":26739,"date":"2023-12-09T11:47:12","date_gmt":"2023-12-09T11:47:12","guid":{"rendered":"https:\/\/danielmartinezflamenco.com\/tanz\/"},"modified":"2023-12-09T11:47:13","modified_gmt":"2023-12-09T11:47:13","slug":"tanz","status":"publish","type":"page","link":"https:\/\/danielmartinezflamenco.com\/de\/tanz\/","title":{"rendered":"Tanz"},"content":{"rendered":"\t\t<div data-elementor-type=\"wp-page\" data-elementor-id=\"26739\" class=\"elementor elementor-26739 elementor-4898\" data-elementor-post-type=\"page\">\n\t\t\t\t\t\t<section class=\"elementor-section elementor-top-section elementor-element elementor-element-f8bae6f elementor-section-boxed elementor-section-height-default elementor-section-height-default\" data-id=\"f8bae6f\" data-element_type=\"section\" data-e-type=\"section\">\n\t\t\t\t\t\t<div class=\"elementor-container elementor-column-gap-default\">\n\t\t\t\t\t<div class=\"elementor-column elementor-col-100 elementor-top-column elementor-element elementor-element-ab850a9\" data-id=\"ab850a9\" data-element_type=\"column\" data-e-type=\"column\">\n\t\t\t<div class=\"elementor-widget-wrap elementor-element-populated\">\n\t\t\t\t\t\t<div class=\"elementor-element elementor-element-facb395 elementor-widget elementor-widget-image\" data-id=\"facb395\" data-element_type=\"widget\" data-e-type=\"widget\" data-widget_type=\"image.default\">\n\t\t\t\t<div class=\"elementor-widget-container\">\n\t\t\t\t\t\t\t\t\t\t\t\t\t\t\t<img fetchpriority=\"high\" decoding=\"async\" width=\"1536\" height=\"749\" src=\"https:\/\/dmfc.b-cdn.net\/wp-content\/uploads\/2019\/11\/DMFC-July-2018-scaled.jpg\" class=\"attachment-1536x1536 size-1536x1536 wp-image-1893\" alt=\"\" srcset=\"https:\/\/dmfc.b-cdn.net\/wp-content\/uploads\/2019\/11\/DMFC-July-2018-scaled.jpg 2560w, https:\/\/dmfc.b-cdn.net\/wp-content\/uploads\/2019\/11\/DMFC-July-2018-scaled-500x244.jpg 500w, https:\/\/dmfc.b-cdn.net\/wp-content\/uploads\/2019\/11\/DMFC-July-2018-300x146.jpg 300w, https:\/\/dmfc.b-cdn.net\/wp-content\/uploads\/2019\/11\/DMFC-July-2018-768x375.jpg 768w, https:\/\/dmfc.b-cdn.net\/wp-content\/uploads\/2019\/11\/DMFC-July-2018-1024x500.jpg 1024w\" sizes=\"(max-width: 1536px) 100vw, 1536px\" \/>\t\t\t\t\t\t\t\t\t\t\t\t\t\t\t<\/div>\n\t\t\t\t<\/div>\n\t\t\t\t\t<\/div>\n\t\t<\/div>\n\t\t\t\t\t<\/div>\n\t\t<\/section>\n\t\t\t\t<section class=\"elementor-section elementor-top-section elementor-element elementor-element-25fdf80 elementor-section-boxed elementor-section-height-default elementor-section-height-default\" data-id=\"25fdf80\" data-element_type=\"section\" data-e-type=\"section\">\n\t\t\t\t\t\t<div class=\"elementor-container elementor-column-gap-default\">\n\t\t\t\t\t<div class=\"elementor-column elementor-col-100 elementor-top-column elementor-element elementor-element-6480d97\" data-id=\"6480d97\" data-element_type=\"column\" data-e-type=\"column\">\n\t\t\t<div class=\"elementor-widget-wrap elementor-element-populated\">\n\t\t\t\t\t\t<div class=\"elementor-element elementor-element-b008b9e elementor-widget elementor-widget-heading\" data-id=\"b008b9e\" data-element_type=\"widget\" data-e-type=\"widget\" data-widget_type=\"heading.default\">\n\t\t\t\t<div class=\"elementor-widget-container\">\n\t\t\t\t\t<h1 class=\"elementor-heading-title elementor-size-default\">Tanz<\/h1>\t\t\t\t<\/div>\n\t\t\t\t<\/div>\n\t\t\t\t\t<\/div>\n\t\t<\/div>\n\t\t\t\t\t<\/div>\n\t\t<\/section>\n\t\t\t\t<section class=\"elementor-section elementor-top-section elementor-element elementor-element-0a03dd8 elementor-section-boxed elementor-section-height-default elementor-section-height-default\" data-id=\"0a03dd8\" data-element_type=\"section\" data-e-type=\"section\">\n\t\t\t\t\t\t<div class=\"elementor-container elementor-column-gap-default\">\n\t\t\t\t\t<div class=\"elementor-column elementor-col-100 elementor-top-column elementor-element elementor-element-5de3045\" data-id=\"5de3045\" data-element_type=\"column\" data-e-type=\"column\">\n\t\t\t<div class=\"elementor-widget-wrap elementor-element-populated\">\n\t\t\t\t\t\t<div class=\"elementor-element elementor-element-d6cc250 elementor-widget elementor-widget-text-editor\" data-id=\"d6cc250\" data-element_type=\"widget\" data-e-type=\"widget\" data-widget_type=\"text-editor.default\">\n\t\t\t\t<div class=\"elementor-widget-container\">\n\t\t\t\t\t\t\t\t\t<p>Gabriela ist die Managerin und T\u00e4nzerin der Daniel Martinez Flamenco Company und tanzt seit vielen Jahren. Sie arbeitet lokal f\u00fcr Unternehmen in Schottland und tanzt auch auf den B\u00fchnen renommierter Theater in ganz Gro\u00dfbritannien und bei Gro\u00dfveranstaltungen wie dem weltgr\u00f6\u00dften Kunstfestival, dem Edinburgh Festival Fringe.<\/p>\n<p>Gabriela hat von einer Reihe unglaublicher Lehrer und Meister wie Antonio Canales, Manuela Rios, Mercedes Ruiz, Carmen Ledesma, um nur einige zu nennen, gelernt und erhielt 2018 ein Stipendium bei Carmen de las Cuevas in Granada.<\/p>\n<p>Nach einer kurzen Pause im Jahr 2023 wird Gabriela 2024 wieder mit der Daniel Martinez Flamenco Company auf Tour gehen; die Andalucia UK Tour und die Art of Believing Europatournee sp\u00e4ter im Jahr.<\/p>\n\t\t\t\t\t\t\t\t<\/div>\n\t\t\t\t<\/div>\n\t\t\t\t\t<\/div>\n\t\t<\/div>\n\t\t\t\t\t<\/div>\n\t\t<\/section>\n\t\t\t\t<section class=\"elementor-section elementor-top-section elementor-element elementor-element-3073f05 elementor-section-boxed elementor-section-height-default elementor-section-height-default\" data-id=\"3073f05\" data-element_type=\"section\" data-e-type=\"section\">\n\t\t\t\t\t\t<div class=\"elementor-container elementor-column-gap-default\">\n\t\t\t\t\t<div class=\"elementor-column elementor-col-100 elementor-top-column elementor-element elementor-element-488ef91\" data-id=\"488ef91\" data-element_type=\"column\" data-e-type=\"column\">\n\t\t\t<div class=\"elementor-widget-wrap elementor-element-populated\">\n\t\t\t\t\t\t<div class=\"elementor-element elementor-element-c7327b7 elementor-widget elementor-widget-shortcode\" data-id=\"c7327b7\" data-element_type=\"widget\" data-e-type=\"widget\" data-widget_type=\"shortcode.default\">\n\t\t\t\t<div class=\"elementor-widget-container\">\n\t\t\t\t\t\t\t<div class=\"elementor-shortcode\"><div class=\"woocommerce columns-3 \"><\/div><\/div>\n\t\t\t\t\t\t<\/div>\n\t\t\t\t<\/div>\n\t\t\t\t\t<\/div>\n\t\t<\/div>\n\t\t\t\t\t<\/div>\n\t\t<\/section>\n\t\t\t\t<section class=\"elementor-section elementor-top-section elementor-element elementor-element-d2a8bf8 elementor-section-boxed elementor-section-height-default elementor-section-height-default\" data-id=\"d2a8bf8\" data-element_type=\"section\" data-e-type=\"section\">\n\t\t\t\t\t\t<div class=\"elementor-container elementor-column-gap-default\">\n\t\t\t\t\t<div class=\"elementor-column elementor-col-100 elementor-top-column elementor-element elementor-element-3316898\" data-id=\"3316898\" data-element_type=\"column\" data-e-type=\"column\">\n\t\t\t<div class=\"elementor-widget-wrap elementor-element-populated\">\n\t\t\t\t\t\t<div class=\"elementor-element elementor-element-3b5e5bb elementor-widget elementor-widget-video\" data-id=\"3b5e5bb\" data-element_type=\"widget\" data-e-type=\"widget\" data-settings=\"{&quot;youtube_url&quot;:&quot;https:\\\/\\\/www.youtube.com\\\/watch?v=td6R4s0EtW4&amp;ab_channel=DanielMartinezFlamencoCompany&quot;,&quot;video_type&quot;:&quot;youtube&quot;,&quot;controls&quot;:&quot;yes&quot;}\" data-widget_type=\"video.default\">\n\t\t\t\t<div class=\"elementor-widget-container\">\n\t\t\t\t\t\t\t<div class=\"elementor-wrapper elementor-open-inline\">\n\t\t\t<div class=\"elementor-video\"><\/div>\t\t<\/div>\n\t\t\t\t\t\t<\/div>\n\t\t\t\t<\/div>\n\t\t\t\t\t<\/div>\n\t\t<\/div>\n\t\t\t\t\t<\/div>\n\t\t<\/section>\n\t\t\t\t<\/div>\n\t\t","protected":false},"excerpt":{"rendered":"<p>Tanz Gabriela ist die Managerin und T\u00e4nzerin der Daniel Martinez Flamenco Company und tanzt seit vielen Jahren. Sie arbeitet lokal f\u00fcr Unternehmen in Schottland und tanzt auch auf den B\u00fchnen &#8230; <\/p>\n<p class=\"read-more-container\"><a title=\"Tanz\" class=\"read-more button\" href=\"https:\/\/danielmartinezflamenco.com\/de\/tanz\/#more-26739\" aria-label=\"Mehr Informationen \u00fcber Tanz\">Leer m\u00e1s<\/a><\/p>\n","protected":false},"author":1,"featured_media":0,"parent":0,"menu_order":0,"comment_status":"closed","ping_status":"closed","template":"","meta":{"footnotes":""},"class_list":["post-26739","page","type-page","status-publish"],"yoast_head":"<!-- This site is optimized with the Yoast SEO plugin v27.4 - https:\/\/yoast.com\/product\/yoast-seo-wordpress\/ -->\n<title>Tanz - Daniel Martinez<\/title>\n<meta name=\"robots\" content=\"index, follow, max-snippet:-1, max-image-preview:large, max-video-preview:-1\" \/>\n<link rel=\"canonical\" href=\"https:\/\/danielmartinezflamenco.com\/de\/tanz\/\" \/>\n<meta property=\"og:locale\" content=\"de_DE\" \/>\n<meta property=\"og:type\" content=\"article\" \/>\n<meta property=\"og:title\" content=\"Tanz - Daniel Martinez\" \/>\n<meta property=\"og:description\" content=\"Tanz Gabriela ist die Managerin und T\u00e4nzerin der Daniel Martinez Flamenco Company und tanzt seit vielen Jahren. Sie arbeitet lokal f\u00fcr Unternehmen in Schottland und tanzt auch auf den B\u00fchnen ... Leer m\u00e1s\" \/>\n<meta property=\"og:url\" content=\"https:\/\/danielmartinezflamenco.com\/de\/tanz\/\" \/>\n<meta property=\"og:site_name\" content=\"Daniel Martinez\" \/>\n<meta property=\"article:modified_time\" content=\"2023-12-09T11:47:13+00:00\" \/>\n<meta property=\"og:image\" content=\"https:\/\/danielmartinezflamenco.com\/wp-content\/uploads\/2019\/11\/DMFC-July-2018-scaled.jpg\" \/>\n<meta name=\"twitter:card\" content=\"summary_large_image\" \/>\n<meta name=\"twitter:label1\" content=\"Gesch\u00e4tzte Lesezeit\" \/>\n\t<meta name=\"twitter:data1\" content=\"1\u00a0Minute\" \/>\n<script type=\"application\/ld+json\" class=\"yoast-schema-graph\">{\"@context\":\"https:\\\/\\\/schema.org\",\"@graph\":[{\"@type\":\"WebPage\",\"@id\":\"https:\\\/\\\/danielmartinezflamenco.com\\\/de\\\/tanz\\\/\",\"url\":\"https:\\\/\\\/danielmartinezflamenco.com\\\/de\\\/tanz\\\/\",\"name\":\"Tanz - Daniel Martinez\",\"isPartOf\":{\"@id\":\"https:\\\/\\\/danielmartinezflamenco.com\\\/de\\\/#website\"},\"primaryImageOfPage\":{\"@id\":\"https:\\\/\\\/danielmartinezflamenco.com\\\/de\\\/tanz\\\/#primaryimage\"},\"image\":{\"@id\":\"https:\\\/\\\/danielmartinezflamenco.com\\\/de\\\/tanz\\\/#primaryimage\"},\"thumbnailUrl\":\"https:\\\/\\\/danielmartinezflamenco.com\\\/wp-content\\\/uploads\\\/2019\\\/11\\\/DMFC-July-2018-scaled.jpg\",\"datePublished\":\"2023-12-09T11:47:12+00:00\",\"dateModified\":\"2023-12-09T11:47:13+00:00\",\"breadcrumb\":{\"@id\":\"https:\\\/\\\/danielmartinezflamenco.com\\\/de\\\/tanz\\\/#breadcrumb\"},\"inLanguage\":\"de\",\"potentialAction\":[{\"@type\":\"ReadAction\",\"target\":[\"https:\\\/\\\/danielmartinezflamenco.com\\\/de\\\/tanz\\\/\"]}]},{\"@type\":\"ImageObject\",\"inLanguage\":\"de\",\"@id\":\"https:\\\/\\\/danielmartinezflamenco.com\\\/de\\\/tanz\\\/#primaryimage\",\"url\":\"https:\\\/\\\/danielmartinezflamenco.com\\\/wp-content\\\/uploads\\\/2019\\\/11\\\/DMFC-July-2018-scaled.jpg\",\"contentUrl\":\"https:\\\/\\\/danielmartinezflamenco.com\\\/wp-content\\\/uploads\\\/2019\\\/11\\\/DMFC-July-2018-scaled.jpg\"},{\"@type\":\"BreadcrumbList\",\"@id\":\"https:\\\/\\\/danielmartinezflamenco.com\\\/de\\\/tanz\\\/#breadcrumb\",\"itemListElement\":[{\"@type\":\"ListItem\",\"position\":1,\"name\":\"Portada\",\"item\":\"https:\\\/\\\/danielmartinezflamenco.com\\\/de\\\/home-de\\\/\"},{\"@type\":\"ListItem\",\"position\":2,\"name\":\"Tanz\"}]},{\"@type\":\"WebSite\",\"@id\":\"https:\\\/\\\/danielmartinezflamenco.com\\\/de\\\/#website\",\"url\":\"https:\\\/\\\/danielmartinezflamenco.com\\\/de\\\/\",\"name\":\"Daniel Martinez\",\"description\":\"Official Website\",\"publisher\":{\"@id\":\"https:\\\/\\\/danielmartinezflamenco.com\\\/de\\\/#organization\"},\"potentialAction\":[{\"@type\":\"SearchAction\",\"target\":{\"@type\":\"EntryPoint\",\"urlTemplate\":\"https:\\\/\\\/danielmartinezflamenco.com\\\/de\\\/?s={search_term_string}\"},\"query-input\":{\"@type\":\"PropertyValueSpecification\",\"valueRequired\":true,\"valueName\":\"search_term_string\"}}],\"inLanguage\":\"de\"},{\"@type\":\"Organization\",\"@id\":\"https:\\\/\\\/danielmartinezflamenco.com\\\/de\\\/#organization\",\"name\":\"Fuzzy Wanderer\",\"url\":\"https:\\\/\\\/danielmartinezflamenco.com\\\/de\\\/\",\"logo\":{\"@type\":\"ImageObject\",\"inLanguage\":\"de\",\"@id\":\"https:\\\/\\\/danielmartinezflamenco.com\\\/de\\\/#\\\/schema\\\/logo\\\/image\\\/\",\"url\":\"\",\"contentUrl\":\"\",\"caption\":\"Fuzzy Wanderer\"},\"image\":{\"@id\":\"https:\\\/\\\/danielmartinezflamenco.com\\\/de\\\/#\\\/schema\\\/logo\\\/image\\\/\"}}]}<\/script>\n<!-- \/ Yoast SEO plugin. -->","yoast_head_json":{"title":"Tanz - Daniel Martinez","robots":{"index":"index","follow":"follow","max-snippet":"max-snippet:-1","max-image-preview":"max-image-preview:large","max-video-preview":"max-video-preview:-1"},"canonical":"https:\/\/danielmartinezflamenco.com\/de\/tanz\/","og_locale":"de_DE","og_type":"article","og_title":"Tanz - Daniel Martinez","og_description":"Tanz Gabriela ist die Managerin und T\u00e4nzerin der Daniel Martinez Flamenco Company und tanzt seit vielen Jahren. Sie arbeitet lokal f\u00fcr Unternehmen in Schottland und tanzt auch auf den B\u00fchnen ... Leer m\u00e1s","og_url":"https:\/\/danielmartinezflamenco.com\/de\/tanz\/","og_site_name":"Daniel Martinez","article_modified_time":"2023-12-09T11:47:13+00:00","og_image":[{"url":"https:\/\/danielmartinezflamenco.com\/wp-content\/uploads\/2019\/11\/DMFC-July-2018-scaled.jpg","type":"","width":"","height":""}],"twitter_card":"summary_large_image","twitter_misc":{"Gesch\u00e4tzte Lesezeit":"1\u00a0Minute"},"schema":{"@context":"https:\/\/schema.org","@graph":[{"@type":"WebPage","@id":"https:\/\/danielmartinezflamenco.com\/de\/tanz\/","url":"https:\/\/danielmartinezflamenco.com\/de\/tanz\/","name":"Tanz - Daniel Martinez","isPartOf":{"@id":"https:\/\/danielmartinezflamenco.com\/de\/#website"},"primaryImageOfPage":{"@id":"https:\/\/danielmartinezflamenco.com\/de\/tanz\/#primaryimage"},"image":{"@id":"https:\/\/danielmartinezflamenco.com\/de\/tanz\/#primaryimage"},"thumbnailUrl":"https:\/\/danielmartinezflamenco.com\/wp-content\/uploads\/2019\/11\/DMFC-July-2018-scaled.jpg","datePublished":"2023-12-09T11:47:12+00:00","dateModified":"2023-12-09T11:47:13+00:00","breadcrumb":{"@id":"https:\/\/danielmartinezflamenco.com\/de\/tanz\/#breadcrumb"},"inLanguage":"de","potentialAction":[{"@type":"ReadAction","target":["https:\/\/danielmartinezflamenco.com\/de\/tanz\/"]}]},{"@type":"ImageObject","inLanguage":"de","@id":"https:\/\/danielmartinezflamenco.com\/de\/tanz\/#primaryimage","url":"https:\/\/danielmartinezflamenco.com\/wp-content\/uploads\/2019\/11\/DMFC-July-2018-scaled.jpg","contentUrl":"https:\/\/danielmartinezflamenco.com\/wp-content\/uploads\/2019\/11\/DMFC-July-2018-scaled.jpg"},{"@type":"BreadcrumbList","@id":"https:\/\/danielmartinezflamenco.com\/de\/tanz\/#breadcrumb","itemListElement":[{"@type":"ListItem","position":1,"name":"Portada","item":"https:\/\/danielmartinezflamenco.com\/de\/home-de\/"},{"@type":"ListItem","position":2,"name":"Tanz"}]},{"@type":"WebSite","@id":"https:\/\/danielmartinezflamenco.com\/de\/#website","url":"https:\/\/danielmartinezflamenco.com\/de\/","name":"Daniel Martinez","description":"Official Website","publisher":{"@id":"https:\/\/danielmartinezflamenco.com\/de\/#organization"},"potentialAction":[{"@type":"SearchAction","target":{"@type":"EntryPoint","urlTemplate":"https:\/\/danielmartinezflamenco.com\/de\/?s={search_term_string}"},"query-input":{"@type":"PropertyValueSpecification","valueRequired":true,"valueName":"search_term_string"}}],"inLanguage":"de"},{"@type":"Organization","@id":"https:\/\/danielmartinezflamenco.com\/de\/#organization","name":"Fuzzy Wanderer","url":"https:\/\/danielmartinezflamenco.com\/de\/","logo":{"@type":"ImageObject","inLanguage":"de","@id":"https:\/\/danielmartinezflamenco.com\/de\/#\/schema\/logo\/image\/","url":"","contentUrl":"","caption":"Fuzzy Wanderer"},"image":{"@id":"https:\/\/danielmartinezflamenco.com\/de\/#\/schema\/logo\/image\/"}}]}},"_links":{"self":[{"href":"https:\/\/danielmartinezflamenco.com\/de\/wp-json\/wp\/v2\/pages\/26739","targetHints":{"allow":["GET"]}}],"collection":[{"href":"https:\/\/danielmartinezflamenco.com\/de\/wp-json\/wp\/v2\/pages"}],"about":[{"href":"https:\/\/danielmartinezflamenco.com\/de\/wp-json\/wp\/v2\/types\/page"}],"author":[{"embeddable":true,"href":"https:\/\/danielmartinezflamenco.com\/de\/wp-json\/wp\/v2\/users\/1"}],"replies":[{"embeddable":true,"href":"https:\/\/danielmartinezflamenco.com\/de\/wp-json\/wp\/v2\/comments?post=26739"}],"version-history":[{"count":0,"href":"https:\/\/danielmartinezflamenco.com\/de\/wp-json\/wp\/v2\/pages\/26739\/revisions"}],"wp:attachment":[{"href":"https:\/\/danielmartinezflamenco.com\/de\/wp-json\/wp\/v2\/media?parent=26739"}],"curies":[{"name":"wp","href":"https:\/\/api.w.org\/{rel}","templated":true}]}}