{"id":100798,"date":"2026-04-30T10:03:43","date_gmt":"2026-04-30T09:03:43","guid":{"rendered":"https:\/\/danielmartinezflamenco.com\/?post_type=product&#038;p=100798"},"modified":"2026-04-30T10:24:25","modified_gmt":"2026-04-30T09:24:25","slug":"flamenco-andalucia-tour-salle-reine-elisabeth-palais-des-congres-de-liege-liege-1-decembre-2026-19h30","status":"publish","type":"product","link":"https:\/\/danielmartinezflamenco.com\/fr\/shop\/events-fr\/flamenco-andalucia-tour-salle-reine-elisabeth-palais-des-congres-de-liege-liege-1-decembre-2026-19h30\/","title":{"rendered":"Flamenco | Andalucia Tour &#8211; Salle Reine Elisabeth (Palais des Congr\u00e8s de Li\u00e8ge), Li\u00e8ge &#8211; 1 d\u00e9cembre 2026 19h30"},"content":{"rendered":"<p>La Daniel Martinez Flamenco Company, plusieurs fois r\u00e9compens\u00e9e, pr\u00e9sente sa 2e production tant attendue, Andalucia, un spectacle de flamenco \u00e9poustouflant accompagn\u00e9 d\u2019un orchestre de chambre.<\/p>\n<p>Ce concert exceptionnel est une repr\u00e9sentation musicale des 8 provinces qui composent la communaut\u00e9 autonome d\u2019Andalousie, dans le sud de l\u2019Espagne, berceau du flamenco : Cordoue, S\u00e9ville, Cadix, Malaga, Ja\u00e9n, Grenade, Huelva et Almer\u00eda. Chaque province poss\u00e8de sa propre interpr\u00e9tation des nombreux styles qui forment le flamenco, magnifiquement pr\u00e9sent\u00e9s au public par la guitare de Daniel, accompagn\u00e9e d\u2019un groupe de musiciens de flamenco, de chanteurs, d\u2019un orchestre de chambre et de danseurs de flamenco.<\/p>\n<p>Unique, innovant, envo\u00fbtant, l\u00e0 o\u00f9 la beaut\u00e9 \u00e9poustouflante de la musique classique rencontre la passion et le feu du flamenco. Une exp\u00e9rience flamenco \u00e0 ne pas manquer !<\/p>\n<p style=\"text-align: center;\"><iframe title=\"Lecteur vid\u00e9o YouTube\" src=\"https:\/\/www.youtube.com\/embed\/_XedUKZdrHQ?si=dl3bihQ_4Fd9Dj6x\" width=\"560\" height=\"315\" frameborder=\"0\" allowfullscreen=\"allowfullscreen\"><\/iframe><\/p>\n<hr \/>\n<h2>D\u00e9tails de l&rsquo;\u00e9v\u00e9nement :<\/h2>\n<p><strong>Date :<\/strong> 01\/12\/2026<br \/>\n<strong>Heure de d\u00e9but :<\/strong> 19h30<br \/>\n<strong>Heure de fin :<\/strong> 21h15<br \/>\n<strong>Lieu :<\/strong> Salle Reine Elisabeth (Palais des Congr\u00e8s de Li\u00e8ge), Li\u00e8ge<br \/>\n<strong>Itin\u00e9raire :<\/strong> Esplanade de l&rsquo;Europe 2, 4020 Li\u00e8ge, Belgique<br \/>\n<strong>T\u00e9l\u00e9phone :<\/strong> +32 4 340 38 88<br \/>\n<strong>E-mail :<\/strong> support@danielmartinezflamenco.com<br \/>\n<strong>Web :<\/strong> <a href=\"https:\/\/www.palaisdescongresliege.be\/fr\" target=\"_blank\" rel=\"noopener\">https:\/\/www.palaisdescongresliege.be\/fr<\/a><\/p>\n","protected":false},"excerpt":{"rendered":"<p>Une magnifique pr\u00e9sentation de flamenco pur et d\u2019un talent musical exceptionnel. Vibrante et passionnante, c\u2019est une exp\u00e9rience de flamenco \u00e0 ne pas manquer.<\/p>\n","protected":false},"author":1,"featured_media":66285,"template":"","meta":[],"product_brand":[],"product_cat":[139],"product_tag":[],"class_list":{"0":"post-100798","1":"product","2":"type-product","3":"status-publish","4":"has-post-thumbnail","6":"product_cat-events-fr","7":"","8":"woocommerce-text-align-center","9":"woocommerce-image-align-center","10":"do-quantity-buttons","12":"first","13":"instock","14":"purchasable","15":"product-type-simple"},"yoast_head":"<!-- This site is optimized with the Yoast SEO plugin v27.4 - https:\/\/yoast.com\/product\/yoast-seo-wordpress\/ -->\n<title>Flamenco | Andalucia Tour - Salle Reine Elisabeth (Palais des Congr\u00e8s de Li\u00e8ge), Li\u00e8ge - 1 d\u00e9cembre 2026 19h30 - Daniel Martinez<\/title>\n<meta name=\"robots\" content=\"index, follow, max-snippet:-1, max-image-preview:large, max-video-preview:-1\" \/>\n<link rel=\"canonical\" href=\"https:\/\/danielmartinezflamenco.com\/fr\/shop\/events-fr\/flamenco-andalucia-tour-salle-reine-elisabeth-palais-des-congres-de-liege-liege-1-decembre-2026-19h30\/\" \/>\n<meta property=\"og:locale\" content=\"fr_FR\" \/>\n<meta property=\"og:type\" content=\"article\" \/>\n<meta property=\"og:title\" content=\"Flamenco | Andalucia Tour - Salle Reine Elisabeth (Palais des Congr\u00e8s de Li\u00e8ge), Li\u00e8ge - 1 d\u00e9cembre 2026 19h30 - Daniel Martinez\" \/>\n<meta property=\"og:description\" content=\"Une magnifique pr\u00e9sentation de flamenco pur et d\u2019un talent musical exceptionnel. Vibrante et passionnante, c\u2019est une exp\u00e9rience de flamenco \u00e0 ne pas manquer.\" \/>\n<meta property=\"og:url\" content=\"https:\/\/danielmartinezflamenco.com\/fr\/shop\/events-fr\/flamenco-andalucia-tour-salle-reine-elisabeth-palais-des-congres-de-liege-liege-1-decembre-2026-19h30\/\" \/>\n<meta property=\"og:site_name\" content=\"Daniel Martinez\" \/>\n<meta property=\"article:modified_time\" content=\"2026-04-30T09:24:25+00:00\" \/>\n<meta property=\"og:image\" content=\"https:\/\/danielmartinezflamenco.com\/wp-content\/uploads\/2022\/12\/daniel-martinez-andalucia-1-min.png\" \/>\n\t<meta property=\"og:image:width\" content=\"2044\" \/>\n\t<meta property=\"og:image:height\" content=\"1024\" \/>\n\t<meta property=\"og:image:type\" content=\"image\/png\" \/>\n<meta name=\"twitter:card\" content=\"summary_large_image\" \/>\n<meta name=\"twitter:label1\" content=\"Dur\u00e9e de lecture estim\u00e9e\" \/>\n\t<meta name=\"twitter:data1\" content=\"1 minute\" \/>\n<script type=\"application\/ld+json\" class=\"yoast-schema-graph\">{\"@context\":\"https:\\\/\\\/schema.org\",\"@graph\":[{\"@type\":\"WebPage\",\"@id\":\"https:\\\/\\\/danielmartinezflamenco.com\\\/fr\\\/shop\\\/events-fr\\\/flamenco-andalucia-tour-salle-reine-elisabeth-palais-des-congres-de-liege-liege-1-decembre-2026-19h30\\\/\",\"url\":\"https:\\\/\\\/danielmartinezflamenco.com\\\/fr\\\/shop\\\/events-fr\\\/flamenco-andalucia-tour-salle-reine-elisabeth-palais-des-congres-de-liege-liege-1-decembre-2026-19h30\\\/\",\"name\":\"Flamenco | Andalucia Tour - Salle Reine Elisabeth (Palais des Congr\u00e8s de Li\u00e8ge), Li\u00e8ge - 1 d\u00e9cembre 2026 19h30 - Daniel Martinez\",\"isPartOf\":{\"@id\":\"https:\\\/\\\/danielmartinezflamenco.com\\\/fr\\\/#website\"},\"primaryImageOfPage\":{\"@id\":\"https:\\\/\\\/danielmartinezflamenco.com\\\/fr\\\/shop\\\/events-fr\\\/flamenco-andalucia-tour-salle-reine-elisabeth-palais-des-congres-de-liege-liege-1-decembre-2026-19h30\\\/#primaryimage\"},\"image\":{\"@id\":\"https:\\\/\\\/danielmartinezflamenco.com\\\/fr\\\/shop\\\/events-fr\\\/flamenco-andalucia-tour-salle-reine-elisabeth-palais-des-congres-de-liege-liege-1-decembre-2026-19h30\\\/#primaryimage\"},\"thumbnailUrl\":\"https:\\\/\\\/dmfc.b-cdn.net\\\/wp-content\\\/uploads\\\/2022\\\/12\\\/daniel-martinez-andalucia-1-min.png\",\"datePublished\":\"2026-04-30T09:03:43+00:00\",\"dateModified\":\"2026-04-30T09:24:25+00:00\",\"breadcrumb\":{\"@id\":\"https:\\\/\\\/danielmartinezflamenco.com\\\/fr\\\/shop\\\/events-fr\\\/flamenco-andalucia-tour-salle-reine-elisabeth-palais-des-congres-de-liege-liege-1-decembre-2026-19h30\\\/#breadcrumb\"},\"inLanguage\":\"fr-FR\",\"potentialAction\":[{\"@type\":\"ReadAction\",\"target\":[\"https:\\\/\\\/danielmartinezflamenco.com\\\/fr\\\/shop\\\/events-fr\\\/flamenco-andalucia-tour-salle-reine-elisabeth-palais-des-congres-de-liege-liege-1-decembre-2026-19h30\\\/\"]}]},{\"@type\":\"ImageObject\",\"inLanguage\":\"fr-FR\",\"@id\":\"https:\\\/\\\/danielmartinezflamenco.com\\\/fr\\\/shop\\\/events-fr\\\/flamenco-andalucia-tour-salle-reine-elisabeth-palais-des-congres-de-liege-liege-1-decembre-2026-19h30\\\/#primaryimage\",\"url\":\"https:\\\/\\\/dmfc.b-cdn.net\\\/wp-content\\\/uploads\\\/2022\\\/12\\\/daniel-martinez-andalucia-1-min.png\",\"contentUrl\":\"https:\\\/\\\/dmfc.b-cdn.net\\\/wp-content\\\/uploads\\\/2022\\\/12\\\/daniel-martinez-andalucia-1-min.png\",\"width\":2044,\"height\":1024},{\"@type\":\"BreadcrumbList\",\"@id\":\"https:\\\/\\\/danielmartinezflamenco.com\\\/fr\\\/shop\\\/events-fr\\\/flamenco-andalucia-tour-salle-reine-elisabeth-palais-des-congres-de-liege-liege-1-decembre-2026-19h30\\\/#breadcrumb\",\"itemListElement\":[{\"@type\":\"ListItem\",\"position\":1,\"name\":\"Portada\",\"item\":\"https:\\\/\\\/danielmartinezflamenco.com\\\/fr\\\/accueil\\\/\"},{\"@type\":\"ListItem\",\"position\":2,\"name\":\"Woocommerce_Internal\",\"item\":\"https:\\\/\\\/danielmartinezflamenco.com\\\/woocommerce_internal\\\/\"},{\"@type\":\"ListItem\",\"position\":3,\"name\":\"Flamenco | Andalucia Tour &#8211; Salle Reine Elisabeth (Palais des Congr\u00e8s de Li\u00e8ge), Li\u00e8ge &#8211; 1 d\u00e9cembre 2026 19h30\"}]},{\"@type\":\"WebSite\",\"@id\":\"https:\\\/\\\/danielmartinezflamenco.com\\\/fr\\\/#website\",\"url\":\"https:\\\/\\\/danielmartinezflamenco.com\\\/fr\\\/\",\"name\":\"Daniel Martinez\",\"description\":\"Official Website\",\"publisher\":{\"@id\":\"https:\\\/\\\/danielmartinezflamenco.com\\\/fr\\\/#organization\"},\"potentialAction\":[{\"@type\":\"SearchAction\",\"target\":{\"@type\":\"EntryPoint\",\"urlTemplate\":\"https:\\\/\\\/danielmartinezflamenco.com\\\/fr\\\/?s={search_term_string}\"},\"query-input\":{\"@type\":\"PropertyValueSpecification\",\"valueRequired\":true,\"valueName\":\"search_term_string\"}}],\"inLanguage\":\"fr-FR\"},{\"@type\":\"Organization\",\"@id\":\"https:\\\/\\\/danielmartinezflamenco.com\\\/fr\\\/#organization\",\"name\":\"Fuzzy Wanderer\",\"url\":\"https:\\\/\\\/danielmartinezflamenco.com\\\/fr\\\/\",\"logo\":{\"@type\":\"ImageObject\",\"inLanguage\":\"fr-FR\",\"@id\":\"https:\\\/\\\/danielmartinezflamenco.com\\\/fr\\\/#\\\/schema\\\/logo\\\/image\\\/\",\"url\":\"\",\"contentUrl\":\"\",\"caption\":\"Fuzzy Wanderer\"},\"image\":{\"@id\":\"https:\\\/\\\/danielmartinezflamenco.com\\\/fr\\\/#\\\/schema\\\/logo\\\/image\\\/\"}}]}<\/script>\n<!-- \/ Yoast SEO plugin. -->","yoast_head_json":{"title":"Flamenco | Andalucia Tour - Salle Reine Elisabeth (Palais des Congr\u00e8s de Li\u00e8ge), Li\u00e8ge - 1 d\u00e9cembre 2026 19h30 - Daniel Martinez","robots":{"index":"index","follow":"follow","max-snippet":"max-snippet:-1","max-image-preview":"max-image-preview:large","max-video-preview":"max-video-preview:-1"},"canonical":"https:\/\/danielmartinezflamenco.com\/fr\/shop\/events-fr\/flamenco-andalucia-tour-salle-reine-elisabeth-palais-des-congres-de-liege-liege-1-decembre-2026-19h30\/","og_locale":"fr_FR","og_type":"article","og_title":"Flamenco | Andalucia Tour - Salle Reine Elisabeth (Palais des Congr\u00e8s de Li\u00e8ge), Li\u00e8ge - 1 d\u00e9cembre 2026 19h30 - Daniel Martinez","og_description":"Une magnifique pr\u00e9sentation de flamenco pur et d\u2019un talent musical exceptionnel. Vibrante et passionnante, c\u2019est une exp\u00e9rience de flamenco \u00e0 ne pas manquer.","og_url":"https:\/\/danielmartinezflamenco.com\/fr\/shop\/events-fr\/flamenco-andalucia-tour-salle-reine-elisabeth-palais-des-congres-de-liege-liege-1-decembre-2026-19h30\/","og_site_name":"Daniel Martinez","article_modified_time":"2026-04-30T09:24:25+00:00","og_image":[{"width":2044,"height":1024,"url":"https:\/\/danielmartinezflamenco.com\/wp-content\/uploads\/2022\/12\/daniel-martinez-andalucia-1-min.png","type":"image\/png"}],"twitter_card":"summary_large_image","twitter_misc":{"Dur\u00e9e de lecture estim\u00e9e":"1 minute"},"schema":{"@context":"https:\/\/schema.org","@graph":[{"@type":"WebPage","@id":"https:\/\/danielmartinezflamenco.com\/fr\/shop\/events-fr\/flamenco-andalucia-tour-salle-reine-elisabeth-palais-des-congres-de-liege-liege-1-decembre-2026-19h30\/","url":"https:\/\/danielmartinezflamenco.com\/fr\/shop\/events-fr\/flamenco-andalucia-tour-salle-reine-elisabeth-palais-des-congres-de-liege-liege-1-decembre-2026-19h30\/","name":"Flamenco | Andalucia Tour - Salle Reine Elisabeth (Palais des Congr\u00e8s de Li\u00e8ge), Li\u00e8ge - 1 d\u00e9cembre 2026 19h30 - Daniel Martinez","isPartOf":{"@id":"https:\/\/danielmartinezflamenco.com\/fr\/#website"},"primaryImageOfPage":{"@id":"https:\/\/danielmartinezflamenco.com\/fr\/shop\/events-fr\/flamenco-andalucia-tour-salle-reine-elisabeth-palais-des-congres-de-liege-liege-1-decembre-2026-19h30\/#primaryimage"},"image":{"@id":"https:\/\/danielmartinezflamenco.com\/fr\/shop\/events-fr\/flamenco-andalucia-tour-salle-reine-elisabeth-palais-des-congres-de-liege-liege-1-decembre-2026-19h30\/#primaryimage"},"thumbnailUrl":"https:\/\/dmfc.b-cdn.net\/wp-content\/uploads\/2022\/12\/daniel-martinez-andalucia-1-min.png","datePublished":"2026-04-30T09:03:43+00:00","dateModified":"2026-04-30T09:24:25+00:00","breadcrumb":{"@id":"https:\/\/danielmartinezflamenco.com\/fr\/shop\/events-fr\/flamenco-andalucia-tour-salle-reine-elisabeth-palais-des-congres-de-liege-liege-1-decembre-2026-19h30\/#breadcrumb"},"inLanguage":"fr-FR","potentialAction":[{"@type":"ReadAction","target":["https:\/\/danielmartinezflamenco.com\/fr\/shop\/events-fr\/flamenco-andalucia-tour-salle-reine-elisabeth-palais-des-congres-de-liege-liege-1-decembre-2026-19h30\/"]}]},{"@type":"ImageObject","inLanguage":"fr-FR","@id":"https:\/\/danielmartinezflamenco.com\/fr\/shop\/events-fr\/flamenco-andalucia-tour-salle-reine-elisabeth-palais-des-congres-de-liege-liege-1-decembre-2026-19h30\/#primaryimage","url":"https:\/\/dmfc.b-cdn.net\/wp-content\/uploads\/2022\/12\/daniel-martinez-andalucia-1-min.png","contentUrl":"https:\/\/dmfc.b-cdn.net\/wp-content\/uploads\/2022\/12\/daniel-martinez-andalucia-1-min.png","width":2044,"height":1024},{"@type":"BreadcrumbList","@id":"https:\/\/danielmartinezflamenco.com\/fr\/shop\/events-fr\/flamenco-andalucia-tour-salle-reine-elisabeth-palais-des-congres-de-liege-liege-1-decembre-2026-19h30\/#breadcrumb","itemListElement":[{"@type":"ListItem","position":1,"name":"Portada","item":"https:\/\/danielmartinezflamenco.com\/fr\/accueil\/"},{"@type":"ListItem","position":2,"name":"Woocommerce_Internal","item":"https:\/\/danielmartinezflamenco.com\/woocommerce_internal\/"},{"@type":"ListItem","position":3,"name":"Flamenco | Andalucia Tour &#8211; Salle Reine Elisabeth (Palais des Congr\u00e8s de Li\u00e8ge), Li\u00e8ge &#8211; 1 d\u00e9cembre 2026 19h30"}]},{"@type":"WebSite","@id":"https:\/\/danielmartinezflamenco.com\/fr\/#website","url":"https:\/\/danielmartinezflamenco.com\/fr\/","name":"Daniel Martinez","description":"Official Website","publisher":{"@id":"https:\/\/danielmartinezflamenco.com\/fr\/#organization"},"potentialAction":[{"@type":"SearchAction","target":{"@type":"EntryPoint","urlTemplate":"https:\/\/danielmartinezflamenco.com\/fr\/?s={search_term_string}"},"query-input":{"@type":"PropertyValueSpecification","valueRequired":true,"valueName":"search_term_string"}}],"inLanguage":"fr-FR"},{"@type":"Organization","@id":"https:\/\/danielmartinezflamenco.com\/fr\/#organization","name":"Fuzzy Wanderer","url":"https:\/\/danielmartinezflamenco.com\/fr\/","logo":{"@type":"ImageObject","inLanguage":"fr-FR","@id":"https:\/\/danielmartinezflamenco.com\/fr\/#\/schema\/logo\/image\/","url":"","contentUrl":"","caption":"Fuzzy Wanderer"},"image":{"@id":"https:\/\/danielmartinezflamenco.com\/fr\/#\/schema\/logo\/image\/"}}]}},"_links":{"self":[{"href":"https:\/\/danielmartinezflamenco.com\/fr\/wp-json\/wp\/v2\/product\/100798","targetHints":{"allow":["GET"]}}],"collection":[{"href":"https:\/\/danielmartinezflamenco.com\/fr\/wp-json\/wp\/v2\/product"}],"about":[{"href":"https:\/\/danielmartinezflamenco.com\/fr\/wp-json\/wp\/v2\/types\/product"}],"author":[{"embeddable":true,"href":"https:\/\/danielmartinezflamenco.com\/fr\/wp-json\/wp\/v2\/users\/1"}],"wp:featuredmedia":[{"embeddable":true,"href":"https:\/\/danielmartinezflamenco.com\/fr\/wp-json\/wp\/v2\/media\/66285"}],"wp:attachment":[{"href":"https:\/\/danielmartinezflamenco.com\/fr\/wp-json\/wp\/v2\/media?parent=100798"}],"wp:term":[{"taxonomy":"product_brand","embeddable":true,"href":"https:\/\/danielmartinezflamenco.com\/fr\/wp-json\/wp\/v2\/product_brand?post=100798"},{"taxonomy":"product_cat","embeddable":true,"href":"https:\/\/danielmartinezflamenco.com\/fr\/wp-json\/wp\/v2\/product_cat?post=100798"},{"taxonomy":"product_tag","embeddable":true,"href":"https:\/\/danielmartinezflamenco.com\/fr\/wp-json\/wp\/v2\/product_tag?post=100798"}],"curies":[{"name":"wp","href":"https:\/\/api.w.org\/{rel}","templated":true}]}}